{"id":14,"date":"2021-11-06T22:03:02","date_gmt":"2021-11-06T22:03:02","guid":{"rendered":"https:\/\/www.canalcatolico.org\/wpccn\/?page_id=14"},"modified":"2026-02-28T19:42:08","modified_gmt":"2026-02-28T19:42:08","slug":"elementor-14","status":"publish","type":"page","link":"https:\/\/www.canalcatolico.org\/wpccn\/","title":{"rendered":"ccn"},"content":{"rendered":"\t\t<div data-elementor-type=\"wp-page\" data-elementor-id=\"14\" class=\"elementor elementor-14\" data-elementor-post-type=\"page\">\n\t\t\t\t\t\t<section class=\"elementor-section elementor-top-section elementor-element elementor-element-42f2f7a0 elementor-section-height-full elementor-section-boxed elementor-section-height-default elementor-section-items-middle\" data-id=\"42f2f7a0\" data-element_type=\"section\" data-settings=\"{&quot;background_background&quot;:&quot;video&quot;,&quot;background_video_link&quot;:&quot;https:\\\/\\\/www.canalcatolico.org\\\/wpccn\\\/wp-content\\\/uploads\\\/2026\\\/02\\\/YTDown.com_YouTube_LOGO-CCN_Media_d0Ej82njKrc_001_720p.mp4&quot;,&quot;background_video_end&quot;:30,&quot;background_play_on_mobile&quot;:&quot;yes&quot;}\">\n\t\t\t\t\t\t\t\t<div class=\"elementor-background-video-container\" aria-hidden=\"true\">\n\t\t\t\t\t\t\t\t\t\t\t\t\t<video class=\"elementor-background-video-hosted\" autoplay muted playsinline loop><\/video>\n\t\t\t\t\t\t\t\t\t\t\t<\/div>\n\t\t\t\t\t\t\t\t\t<div class=\"elementor-background-overlay\"><\/div>\n\t\t\t\t\t\t\t<div class=\"elementor-container elementor-column-gap-no\">\n\t\t\t\t\t<div class=\"elementor-column elementor-col-100 elementor-top-column elementor-element elementor-element-76d29e32\" data-id=\"76d29e32\" data-element_type=\"column\">\n\t\t\t<div class=\"elementor-widget-wrap elementor-element-populated\">\n\t\t\t\t\t\t<section class=\"elementor-section elementor-inner-section elementor-element elementor-element-75be8ff2 elementor-section-boxed elementor-section-height-default elementor-section-height-default\" data-id=\"75be8ff2\" data-element_type=\"section\">\n\t\t\t\t\t\t<div class=\"elementor-container elementor-column-gap-default\">\n\t\t\t\t\t<div class=\"elementor-column elementor-col-50 elementor-inner-column elementor-element elementor-element-5062f97e\" data-id=\"5062f97e\" data-element_type=\"column\">\n\t\t\t<div class=\"elementor-widget-wrap elementor-element-populated\">\n\t\t\t\t\t\t<div class=\"elementor-element elementor-element-42206a3d elementor-widget elementor-widget-elementskit-heading\" data-id=\"42206a3d\" data-element_type=\"widget\" data-widget_type=\"elementskit-heading.default\">\n\t\t\t\t<div class=\"elementor-widget-container\">\n\t\t\t\t\t<div class=\"ekit-wid-con\" ><div class=\"ekit-heading elementskit-section-title-wraper text_left   ekit_heading_tablet-   ekit_heading_mobile-\"><span class=\"ekit-heading--title elementskit-section-title \">Canal Cat\u00f3lico de Nicaragua<\/span><\/div><\/div>\t\t\t\t<\/div>\n\t\t\t\t<\/div>\n\t\t\t\t\t<\/div>\n\t\t<\/div>\n\t\t\t\t<div class=\"elementor-column elementor-col-50 elementor-inner-column elementor-element elementor-element-24c33fe0\" data-id=\"24c33fe0\" data-element_type=\"column\">\n\t\t\t<div class=\"elementor-widget-wrap elementor-element-populated\">\n\t\t\t\t\t\t\t<\/div>\n\t\t<\/div>\n\t\t\t\t\t<\/div>\n\t\t<\/section>\n\t\t\t\t\t<\/div>\n\t\t<\/div>\n\t\t\t\t\t<\/div>\n\t\t<\/section>\n\t\t\t\t<section class=\"elementor-section elementor-top-section elementor-element elementor-element-5b49dd5 elementor-section-boxed elementor-section-height-default elementor-section-height-default\" data-id=\"5b49dd5\" data-element_type=\"section\">\n\t\t\t\t\t\t<div class=\"elementor-container elementor-column-gap-default\">\n\t\t\t\t\t<div class=\"elementor-column elementor-col-100 elementor-top-column elementor-element elementor-element-b647060\" data-id=\"b647060\" data-element_type=\"column\">\n\t\t\t<div class=\"elementor-widget-wrap\">\n\t\t\t\t\t\t\t<\/div>\n\t\t<\/div>\n\t\t\t\t\t<\/div>\n\t\t<\/section>\n\t\t\t\t<section class=\"elementor-section elementor-top-section elementor-element elementor-element-26b3c09 elementor-section-boxed elementor-section-height-default elementor-section-height-default\" data-id=\"26b3c09\" data-element_type=\"section\" data-settings=\"{&quot;background_background&quot;:&quot;classic&quot;}\">\n\t\t\t\t\t\t<div class=\"elementor-container elementor-column-gap-no\">\n\t\t\t\t\t<div class=\"elementor-column elementor-col-100 elementor-top-column elementor-element elementor-element-071055f\" data-id=\"071055f\" data-element_type=\"column\">\n\t\t\t<div class=\"elementor-widget-wrap elementor-element-populated\">\n\t\t\t\t\t\t<div class=\"elementor-element elementor-element-0c02152 elementor-widget elementor-widget-shortcode\" data-id=\"0c02152\" data-element_type=\"widget\" data-widget_type=\"shortcode.default\">\n\t\t\t\t<div class=\"elementor-widget-container\">\n\t\t\t\t\t\t\t<div class=\"elementor-shortcode\"><iframe width=\"1349\" height=\"759\" src=\"https:\/\/www.youtube.com\/embed\/CxGGd5vLUJY\" title=\"Se\u00f1al #EnVivo Canal Cat\u00f3lico de Nicaragua\" frameborder=\"0\" allow=\"accelerometer; autoplay; clipboard-write; encrypted-media; gyroscope; picture-in-picture; web-share\" referrerpolicy=\"strict-origin-when-cross-origin\" allowfullscreen><\/iframe><\/div>\n\t\t\t\t\t\t<\/div>\n\t\t\t\t<\/div>\n\t\t\t\t\t<\/div>\n\t\t<\/div>\n\t\t\t\t\t<\/div>\n\t\t<\/section>\n\t\t\t\t<section class=\"elementor-section elementor-top-section elementor-element elementor-element-061c7cb elementor-section-boxed elementor-section-height-default elementor-section-height-default\" data-id=\"061c7cb\" data-element_type=\"section\">\n\t\t\t\t\t\t<div class=\"elementor-container elementor-column-gap-default\">\n\t\t\t\t\t<div class=\"elementor-column elementor-col-100 elementor-top-column elementor-element elementor-element-e0f1535\" data-id=\"e0f1535\" data-element_type=\"column\">\n\t\t\t<div class=\"elementor-widget-wrap elementor-element-populated\">\n\t\t\t\t\t\t<div class=\"elementor-element elementor-element-dc6a7f9 elementor-widget elementor-widget-image\" data-id=\"dc6a7f9\" data-element_type=\"widget\" data-widget_type=\"image.default\">\n\t\t\t\t<div class=\"elementor-widget-container\">\n\t\t\t\t\t\t\t\t\t\t\t\t\t\t\t<img fetchpriority=\"high\" decoding=\"async\" width=\"724\" height=\"1024\" src=\"https:\/\/www.canalcatolico.org\/wpccn\/wp-content\/uploads\/2026\/02\/leo-pp-xiv-foto-oficial-a4-scaled-1-724x1024.jpg\" class=\"attachment-large size-large wp-image-496\" alt=\"\" srcset=\"https:\/\/www.canalcatolico.org\/wpccn\/wp-content\/uploads\/2026\/02\/leo-pp-xiv-foto-oficial-a4-scaled-1-724x1024.jpg 724w, https:\/\/www.canalcatolico.org\/wpccn\/wp-content\/uploads\/2026\/02\/leo-pp-xiv-foto-oficial-a4-scaled-1-212x300.jpg 212w, https:\/\/www.canalcatolico.org\/wpccn\/wp-content\/uploads\/2026\/02\/leo-pp-xiv-foto-oficial-a4-scaled-1-768x1086.jpg 768w, https:\/\/www.canalcatolico.org\/wpccn\/wp-content\/uploads\/2026\/02\/leo-pp-xiv-foto-oficial-a4-scaled-1-1086x1536.jpg 1086w, https:\/\/www.canalcatolico.org\/wpccn\/wp-content\/uploads\/2026\/02\/leo-pp-xiv-foto-oficial-a4-scaled-1-1448x2048.jpg 1448w, https:\/\/www.canalcatolico.org\/wpccn\/wp-content\/uploads\/2026\/02\/leo-pp-xiv-foto-oficial-a4-scaled-1.jpg 1810w\" sizes=\"(max-width: 724px) 100vw, 724px\" \/>\t\t\t\t\t\t\t\t\t\t\t\t\t\t\t<\/div>\n\t\t\t\t<\/div>\n\t\t\t\t<div class=\"elementor-element elementor-element-5e364c7 elementor-widget elementor-widget-shortcode\" data-id=\"5e364c7\" data-element_type=\"widget\" data-widget_type=\"shortcode.default\">\n\t\t\t\t<div class=\"elementor-widget-container\">\n\t\t\t\t\t\t\t<div class=\"elementor-shortcode\">\n<vaticannews-widget lang=\"es\" fontSize=\"14\"><\/vaticannews-widget>\n<script src=\"https:\/\/www.vaticannews.va\/widget.js\"><\/script><\/div>\n\t\t\t\t\t\t<\/div>\n\t\t\t\t<\/div>\n\t\t\t\t\t<\/div>\n\t\t<\/div>\n\t\t\t\t\t<\/div>\n\t\t<\/section>\n\t\t\t\t<section class=\"elementor-section elementor-top-section elementor-element elementor-element-645b2ad6 elementor-section-boxed elementor-section-height-default elementor-section-height-default\" data-id=\"645b2ad6\" data-element_type=\"section\">\n\t\t\t\t\t\t<div class=\"elementor-container elementor-column-gap-default\">\n\t\t\t\t\t<div class=\"elementor-column elementor-col-100 elementor-top-column elementor-element elementor-element-3d4bf3a7\" data-id=\"3d4bf3a7\" data-element_type=\"column\">\n\t\t\t<div class=\"elementor-widget-wrap elementor-element-populated\">\n\t\t\t\t\t\t<section class=\"elementor-section elementor-inner-section elementor-element elementor-element-14d018b0 elementor-section-boxed elementor-section-height-default elementor-section-height-default\" data-id=\"14d018b0\" data-element_type=\"section\">\n\t\t\t\t\t\t<div class=\"elementor-container elementor-column-gap-default\">\n\t\t\t\t\t<div class=\"elementor-column elementor-col-50 elementor-inner-column elementor-element elementor-element-5abacadf\" data-id=\"5abacadf\" data-element_type=\"column\">\n\t\t\t<div class=\"elementor-widget-wrap elementor-element-populated\">\n\t\t\t\t\t\t<div class=\"elementor-element elementor-element-367f0013 elementor-invisible elementor-widget elementor-widget-elementskit-heading\" data-id=\"367f0013\" data-element_type=\"widget\" data-settings=\"{&quot;_animation&quot;:&quot;fadeInLeft&quot;}\" data-widget_type=\"elementskit-heading.default\">\n\t\t\t\t<div class=\"elementor-widget-container\">\n\t\t\t\t\t<div class=\"ekit-wid-con\" ><div class=\"ekit-heading elementskit-section-title-wraper text_left   ekit_heading_tablet-   ekit_heading_mobile-\"><h4 class=\"elementskit-section-subtitle  \">\n\t\t\t\t\t\tEvangelizando a la naci\u00f3n\n\t\t\t\t\t<\/h4><h3 class=\"ekit-heading--title elementskit-section-title \">Con alta definici\u00f3n<\/h3>\t\t\t\t<div class='ekit-heading__description'>\n\t\t\t\t\t<p>El Canal Cat\u00f3lico de Nicaragua es el medio televisivo de la Conferencia Episcopal de Nicaragua, fundado el 6 de enero de 2011, como un canal virtual, con transmisi\u00f3n en Internet. El 22 de febrero de 2014, inicia sus transmisiones en sistema de cable en el canal 51. <a href=\"http:\/\/www.cen-nicaragua.org\/\">CEN<\/a>.<\/p>\n\t\t\t\t<\/div>\n\t\t\t<\/div><\/div>\t\t\t\t<\/div>\n\t\t\t\t<\/div>\n\t\t\t\t<div class=\"elementor-element elementor-element-6489fa41 ekit-equal-height-disable elementor-widget elementor-widget-elementskit-icon-box\" data-id=\"6489fa41\" data-element_type=\"widget\" data-widget_type=\"elementskit-icon-box.default\">\n\t\t\t\t<div class=\"elementor-widget-container\">\n\t\t\t\t\t<div class=\"ekit-wid-con\" >        <!-- link opening -->\n                <a href=\"#\" class=\"ekit_global_links\">\n                <!-- end link opening -->\n\n        <div class=\"elementskit-infobox text- text-left icon-lef-right-aligin elementor-animation- media  \">\n                            <div class=\"elementskit-box-header\">\n                <div class=\"elementskit-info-box-icon text-center\">\n                    <img decoding=\"async\" src=\"\" title=\"\" alt=\"\" class=\"\" \/>                <\/div>\n          <\/div>\n                <div class=\"box-body\">\n                            <h3 class=\"elementskit-info-box-title\">\n                    Transmisiones en vivo                <\/h3>\n                        \t\t  \t<p>Transmitimos en vivo, las actividades del Santo Padre, los Obispos de la Conferencia Episcopal de Nicaragua, as\u00ed como las festividades parroquiales de las diferentes Di\u00f3cesis del pa\u00eds.<\/p>\n                                <\/div>\n        \n        \n                <\/div>\n                <\/a>\n        <\/div>\t\t\t\t<\/div>\n\t\t\t\t<\/div>\n\t\t\t\t\t<\/div>\n\t\t<\/div>\n\t\t\t\t<div class=\"elementor-column elementor-col-50 elementor-inner-column elementor-element elementor-element-2230374f\" data-id=\"2230374f\" data-element_type=\"column\">\n\t\t\t<div class=\"elementor-widget-wrap elementor-element-populated\">\n\t\t\t\t\t\t<div class=\"elementor-element elementor-element-65dc2177 elementor-invisible elementor-widget elementor-widget-image\" data-id=\"65dc2177\" data-element_type=\"widget\" data-settings=\"{&quot;_animation&quot;:&quot;fadeInLeft&quot;}\" data-widget_type=\"image.default\">\n\t\t\t\t<div class=\"elementor-widget-container\">\n\t\t\t\t\t\t\t\t\t\t\t\t\t\t\t<img decoding=\"async\" width=\"768\" height=\"1024\" src=\"https:\/\/www.canalcatolico.org\/wpccn\/wp-content\/uploads\/2021\/11\/Virgen-del-Trono-768x1024-1.jpg\" class=\"attachment-large size-large wp-image-83\" alt=\"\" srcset=\"https:\/\/www.canalcatolico.org\/wpccn\/wp-content\/uploads\/2021\/11\/Virgen-del-Trono-768x1024-1.jpg 768w, https:\/\/www.canalcatolico.org\/wpccn\/wp-content\/uploads\/2021\/11\/Virgen-del-Trono-768x1024-1-225x300.jpg 225w\" sizes=\"(max-width: 768px) 100vw, 768px\" \/>\t\t\t\t\t\t\t\t\t\t\t\t\t\t\t<\/div>\n\t\t\t\t<\/div>\n\t\t\t\t\t<\/div>\n\t\t<\/div>\n\t\t\t\t\t<\/div>\n\t\t<\/section>\n\t\t\t\t\t<\/div>\n\t\t<\/div>\n\t\t\t\t\t<\/div>\n\t\t<\/section>\n\t\t\t\t<\/div>\n\t\t","protected":false},"excerpt":{"rendered":"<p>Canal Cat\u00f3lico de Nicaragua Evangelizando a la naci\u00f3n Con alta definici\u00f3n El Canal Cat\u00f3lico de Nicaragua es el medio televisivo de la Conferencia Episcopal de Nicaragua, fundado el 6 de enero de 2011, como un canal virtual, con transmisi\u00f3n en Internet. El 22 de febrero de 2014, inicia sus transmisiones en sistema de cable en &hellip;<\/p>\n<p class=\"read-more\"> <a class=\"\" href=\"https:\/\/www.canalcatolico.org\/wpccn\/\"> <span class=\"screen-reader-text\">ccn<\/span> Leer m\u00e1s &raquo;<\/a><\/p>\n","protected":false},"author":1,"featured_media":0,"parent":0,"menu_order":0,"comment_status":"closed","ping_status":"closed","template":"elementor_canvas","meta":{"site-sidebar-layout":"no-sidebar","site-content-layout":"page-builder","ast-global-header-display":"","ast-main-header-display":"","ast-hfb-above-header-display":"","ast-hfb-below-header-display":"","ast-hfb-mobile-header-display":"","site-post-title":"disabled","ast-breadcrumbs-content":"","ast-featured-img":"disabled","footer-sml-layout":"","theme-transparent-header-meta":"","adv-header-id-meta":"","stick-header-meta":"","header-above-stick-meta":"","header-main-stick-meta":"","header-below-stick-meta":"","footnotes":""},"class_list":["post-14","page","type-page","status-publish","hentry"],"yoast_head":"<!-- This site is optimized with the Yoast SEO plugin v27.2 - https:\/\/yoast.com\/product\/yoast-seo-wordpress\/ -->\n<title>canal cat\u00f3lico de nicaragua<\/title>\n<meta name=\"robots\" content=\"index, follow, max-snippet:-1, max-image-preview:large, max-video-preview:-1\" \/>\n<link rel=\"canonical\" href=\"https:\/\/www.canalcatolico.org\/wpccn\/\" \/>\n<meta property=\"og:locale\" content=\"es_ES\" \/>\n<meta property=\"og:type\" content=\"article\" \/>\n<meta property=\"og:title\" content=\"canal catolico de nicaragua\" \/>\n<meta property=\"og:description\" content=\"canal catolico de nicaragua\" \/>\n<meta property=\"og:url\" content=\"https:\/\/www.canalcatolico.org\/wpccn\/\" \/>\n<meta property=\"og:site_name\" content=\"Canal Cat\u00f3lico de Nicaragua\" \/>\n<meta property=\"article:publisher\" content=\"https:\/\/www.facebook.com\/CanalCatolicoNicaragua\/\" \/>\n<meta property=\"article:modified_time\" content=\"2026-02-28T19:42:08+00:00\" \/>\n<meta property=\"og:image\" content=\"https:\/\/www.canalcatolico.org\/wpccn\/wp-content\/uploads\/2021\/11\/ccnlogo.png\" \/>\n\t<meta property=\"og:image:width\" content=\"190\" \/>\n\t<meta property=\"og:image:height\" content=\"190\" \/>\n\t<meta property=\"og:image:type\" content=\"image\/png\" \/>\n<meta name=\"twitter:card\" content=\"summary_large_image\" \/>\n<meta name=\"twitter:label1\" content=\"Tiempo de lectura\" \/>\n\t<meta name=\"twitter:data1\" content=\"2 minutos\" \/>\n<script type=\"application\/ld+json\" class=\"yoast-schema-graph\">{\"@context\":\"https:\/\/schema.org\",\"@graph\":[{\"@type\":\"WebPage\",\"@id\":\"https:\/\/www.canalcatolico.org\/wpccn\/\",\"url\":\"https:\/\/www.canalcatolico.org\/wpccn\/\",\"name\":\"canal cat\u00f3lico de nicaragua\",\"isPartOf\":{\"@id\":\"https:\/\/www.canalcatolico.org\/wpccn\/#website\"},\"primaryImageOfPage\":{\"@id\":\"https:\/\/www.canalcatolico.org\/wpccn\/#primaryimage\"},\"image\":{\"@id\":\"https:\/\/www.canalcatolico.org\/wpccn\/#primaryimage\"},\"thumbnailUrl\":\"https:\/\/www.canalcatolico.org\/wpccn\/wp-content\/uploads\/2026\/02\/leo-pp-xiv-foto-oficial-a4-scaled-1-724x1024.jpg\",\"datePublished\":\"2021-11-06T22:03:02+00:00\",\"dateModified\":\"2026-02-28T19:42:08+00:00\",\"breadcrumb\":{\"@id\":\"https:\/\/www.canalcatolico.org\/wpccn\/#breadcrumb\"},\"inLanguage\":\"es\",\"potentialAction\":[{\"@type\":\"ReadAction\",\"target\":[\"https:\/\/www.canalcatolico.org\/wpccn\/\"]}]},{\"@type\":\"ImageObject\",\"inLanguage\":\"es\",\"@id\":\"https:\/\/www.canalcatolico.org\/wpccn\/#primaryimage\",\"url\":\"https:\/\/www.canalcatolico.org\/wpccn\/wp-content\/uploads\/2026\/02\/leo-pp-xiv-foto-oficial-a4-scaled-1.jpg\",\"contentUrl\":\"https:\/\/www.canalcatolico.org\/wpccn\/wp-content\/uploads\/2026\/02\/leo-pp-xiv-foto-oficial-a4-scaled-1.jpg\",\"width\":1810,\"height\":2560},{\"@type\":\"BreadcrumbList\",\"@id\":\"https:\/\/www.canalcatolico.org\/wpccn\/#breadcrumb\",\"itemListElement\":[{\"@type\":\"ListItem\",\"position\":1,\"name\":\"Portada\",\"item\":\"https:\/\/www.canalcatolico.org\/wpccn\/\"},{\"@type\":\"ListItem\",\"position\":2,\"name\":\"ccn\"}]},{\"@type\":\"WebSite\",\"@id\":\"https:\/\/www.canalcatolico.org\/wpccn\/#website\",\"url\":\"https:\/\/www.canalcatolico.org\/wpccn\/\",\"name\":\"Canal Cat\u00f3lico de Nicaragua\",\"description\":\"\",\"publisher\":{\"@id\":\"https:\/\/www.canalcatolico.org\/wpccn\/#organization\"},\"potentialAction\":[{\"@type\":\"SearchAction\",\"target\":{\"@type\":\"EntryPoint\",\"urlTemplate\":\"https:\/\/www.canalcatolico.org\/wpccn\/?s={search_term_string}\"},\"query-input\":{\"@type\":\"PropertyValueSpecification\",\"valueRequired\":true,\"valueName\":\"search_term_string\"}}],\"inLanguage\":\"es\"},{\"@type\":\"Organization\",\"@id\":\"https:\/\/www.canalcatolico.org\/wpccn\/#organization\",\"name\":\"Canal Cat\u00f3lico de Nicaragua\",\"url\":\"https:\/\/www.canalcatolico.org\/wpccn\/\",\"logo\":{\"@type\":\"ImageObject\",\"inLanguage\":\"es\",\"@id\":\"https:\/\/www.canalcatolico.org\/wpccn\/#\/schema\/logo\/image\/\",\"url\":\"https:\/\/www.canalcatolico.org\/wpccn\/wp-content\/uploads\/2021\/11\/ccnlogo.png\",\"contentUrl\":\"https:\/\/www.canalcatolico.org\/wpccn\/wp-content\/uploads\/2021\/11\/ccnlogo.png\",\"width\":190,\"height\":190,\"caption\":\"Canal Cat\u00f3lico de Nicaragua\"},\"image\":{\"@id\":\"https:\/\/www.canalcatolico.org\/wpccn\/#\/schema\/logo\/image\/\"},\"sameAs\":[\"https:\/\/www.facebook.com\/CanalCatolicoNicaragua\/\"]}]}<\/script>\n<!-- \/ Yoast SEO plugin. -->","yoast_head_json":{"title":"canal cat\u00f3lico de nicaragua","robots":{"index":"index","follow":"follow","max-snippet":"max-snippet:-1","max-image-preview":"max-image-preview:large","max-video-preview":"max-video-preview:-1"},"canonical":"https:\/\/www.canalcatolico.org\/wpccn\/","og_locale":"es_ES","og_type":"article","og_title":"canal catolico de nicaragua","og_description":"canal catolico de nicaragua","og_url":"https:\/\/www.canalcatolico.org\/wpccn\/","og_site_name":"Canal Cat\u00f3lico de Nicaragua","article_publisher":"https:\/\/www.facebook.com\/CanalCatolicoNicaragua\/","article_modified_time":"2026-02-28T19:42:08+00:00","og_image":[{"width":190,"height":190,"url":"https:\/\/www.canalcatolico.org\/wpccn\/wp-content\/uploads\/2021\/11\/ccnlogo.png","type":"image\/png"}],"twitter_card":"summary_large_image","twitter_misc":{"Tiempo de lectura":"2 minutos"},"schema":{"@context":"https:\/\/schema.org","@graph":[{"@type":"WebPage","@id":"https:\/\/www.canalcatolico.org\/wpccn\/","url":"https:\/\/www.canalcatolico.org\/wpccn\/","name":"canal cat\u00f3lico de nicaragua","isPartOf":{"@id":"https:\/\/www.canalcatolico.org\/wpccn\/#website"},"primaryImageOfPage":{"@id":"https:\/\/www.canalcatolico.org\/wpccn\/#primaryimage"},"image":{"@id":"https:\/\/www.canalcatolico.org\/wpccn\/#primaryimage"},"thumbnailUrl":"https:\/\/www.canalcatolico.org\/wpccn\/wp-content\/uploads\/2026\/02\/leo-pp-xiv-foto-oficial-a4-scaled-1-724x1024.jpg","datePublished":"2021-11-06T22:03:02+00:00","dateModified":"2026-02-28T19:42:08+00:00","breadcrumb":{"@id":"https:\/\/www.canalcatolico.org\/wpccn\/#breadcrumb"},"inLanguage":"es","potentialAction":[{"@type":"ReadAction","target":["https:\/\/www.canalcatolico.org\/wpccn\/"]}]},{"@type":"ImageObject","inLanguage":"es","@id":"https:\/\/www.canalcatolico.org\/wpccn\/#primaryimage","url":"https:\/\/www.canalcatolico.org\/wpccn\/wp-content\/uploads\/2026\/02\/leo-pp-xiv-foto-oficial-a4-scaled-1.jpg","contentUrl":"https:\/\/www.canalcatolico.org\/wpccn\/wp-content\/uploads\/2026\/02\/leo-pp-xiv-foto-oficial-a4-scaled-1.jpg","width":1810,"height":2560},{"@type":"BreadcrumbList","@id":"https:\/\/www.canalcatolico.org\/wpccn\/#breadcrumb","itemListElement":[{"@type":"ListItem","position":1,"name":"Portada","item":"https:\/\/www.canalcatolico.org\/wpccn\/"},{"@type":"ListItem","position":2,"name":"ccn"}]},{"@type":"WebSite","@id":"https:\/\/www.canalcatolico.org\/wpccn\/#website","url":"https:\/\/www.canalcatolico.org\/wpccn\/","name":"Canal Cat\u00f3lico de Nicaragua","description":"","publisher":{"@id":"https:\/\/www.canalcatolico.org\/wpccn\/#organization"},"potentialAction":[{"@type":"SearchAction","target":{"@type":"EntryPoint","urlTemplate":"https:\/\/www.canalcatolico.org\/wpccn\/?s={search_term_string}"},"query-input":{"@type":"PropertyValueSpecification","valueRequired":true,"valueName":"search_term_string"}}],"inLanguage":"es"},{"@type":"Organization","@id":"https:\/\/www.canalcatolico.org\/wpccn\/#organization","name":"Canal Cat\u00f3lico de Nicaragua","url":"https:\/\/www.canalcatolico.org\/wpccn\/","logo":{"@type":"ImageObject","inLanguage":"es","@id":"https:\/\/www.canalcatolico.org\/wpccn\/#\/schema\/logo\/image\/","url":"https:\/\/www.canalcatolico.org\/wpccn\/wp-content\/uploads\/2021\/11\/ccnlogo.png","contentUrl":"https:\/\/www.canalcatolico.org\/wpccn\/wp-content\/uploads\/2021\/11\/ccnlogo.png","width":190,"height":190,"caption":"Canal Cat\u00f3lico de Nicaragua"},"image":{"@id":"https:\/\/www.canalcatolico.org\/wpccn\/#\/schema\/logo\/image\/"},"sameAs":["https:\/\/www.facebook.com\/CanalCatolicoNicaragua\/"]}]}},"_links":{"self":[{"href":"https:\/\/www.canalcatolico.org\/wpccn\/wp-json\/wp\/v2\/pages\/14","targetHints":{"allow":["GET"]}}],"collection":[{"href":"https:\/\/www.canalcatolico.org\/wpccn\/wp-json\/wp\/v2\/pages"}],"about":[{"href":"https:\/\/www.canalcatolico.org\/wpccn\/wp-json\/wp\/v2\/types\/page"}],"author":[{"embeddable":true,"href":"https:\/\/www.canalcatolico.org\/wpccn\/wp-json\/wp\/v2\/users\/1"}],"replies":[{"embeddable":true,"href":"https:\/\/www.canalcatolico.org\/wpccn\/wp-json\/wp\/v2\/comments?post=14"}],"version-history":[{"count":248,"href":"https:\/\/www.canalcatolico.org\/wpccn\/wp-json\/wp\/v2\/pages\/14\/revisions"}],"predecessor-version":[{"id":508,"href":"https:\/\/www.canalcatolico.org\/wpccn\/wp-json\/wp\/v2\/pages\/14\/revisions\/508"}],"wp:attachment":[{"href":"https:\/\/www.canalcatolico.org\/wpccn\/wp-json\/wp\/v2\/media?parent=14"}],"curies":[{"name":"wp","href":"https:\/\/api.w.org\/{rel}","templated":true}]}}